{"id":120,"date":"2022-02-04T10:31:42","date_gmt":"2022-02-04T10:31:42","guid":{"rendered":"https:\/\/ciclo-news.com\/home\/"},"modified":"2024-01-01T01:15:44","modified_gmt":"2024-01-01T01:15:44","slug":"home","status":"publish","type":"page","link":"https:\/\/ciclo-news.com\/br\/home\/","title":{"rendered":"Ciclo News"},"content":{"rendered":"\n<h2 class=\"wp-block-heading has-text-align-center has-palette-color-5-color has-text-color has-medium-font-size\">Ciclonews<\/h2>\n\n\n\n<div class=\"wp-block-stackable-posts alignwide stk-block-posts has-text-align-center has-text-align-center-mobile stk--has-container stk-block stk-c3d5a6b is-style-default\" data-v=\"2\" data-block-id=\"c3d5a6b\"><style>.stk-c3d5a6b .stk-img-wrapper{width:100% !important}.stk-c3d5a6b .stk-block-posts__category a .stk-button__inner-text{background-image:linear-gradient(currentColor 0%,currentColor 100%) !important}.stk-c3d5a6b{--stk-columns:3 !important}@media screen and (max-width:999px){.stk-c3d5a6b{--stk-columns:2 !important}}@media screen and (max-width:689px){.stk-c3d5a6b{--stk-columns:1 !important}}<\/style><div class=\"stk-inner-blocks stk-content-align stk-c3d5a6b-column alignwide\"><div class=\"stk-block-posts__items\"><div class=\"stk-block-posts__item\"><div class=\"stk-container stk-c3d5a6b-container stk-hover-parent\"><article><h3 class=\"stk-block-posts__title has-text-align-center-mobile\"><a href='https:\/\/ciclo-news.com\/br\/nosso-ultimo-pedal-do-ano-temos-uma-mensagem-para-voce\/'>NOSSO \u00daLTIMO PEDAL DO ANO | Temos uma Mensagem para Voc\u00ea!<\/a><\/h3><a href=\"https:\/\/ciclo-news.com\/br\/nosso-ultimo-pedal-do-ano-temos-uma-mensagem-para-voce\/\" class=\"stk-block-posts__image-link\"><figure class=\"stk-img-wrapper stk-image--shape-stretch\"><img loading=\"lazy\" decoding=\"async\" width=\"1280\" height=\"720\" src=\"https:\/\/ciclo-news.com\/br\/wp-content\/uploads\/sites\/4\/2025\/01\/NOSSO-ULTIMO-PEDAL-DO-ANO-Temos-uma-Mensagem-para.jpg\" class=\"attachment-full size-full wp-post-image\" alt=\"\" srcset=\"https:\/\/ciclo-news.com\/br\/wp-content\/uploads\/sites\/4\/2025\/01\/NOSSO-ULTIMO-PEDAL-DO-ANO-Temos-uma-Mensagem-para.jpg 1280w, https:\/\/ciclo-news.com\/br\/wp-content\/uploads\/sites\/4\/2025\/01\/NOSSO-ULTIMO-PEDAL-DO-ANO-Temos-uma-Mensagem-para-300x169.jpg 300w, https:\/\/ciclo-news.com\/br\/wp-content\/uploads\/sites\/4\/2025\/01\/NOSSO-ULTIMO-PEDAL-DO-ANO-Temos-uma-Mensagem-para-1024x576.jpg 1024w, https:\/\/ciclo-news.com\/br\/wp-content\/uploads\/sites\/4\/2025\/01\/NOSSO-ULTIMO-PEDAL-DO-ANO-Temos-uma-Mensagem-para-768x432.jpg 768w\" sizes=\"auto, (max-width: 1280px) 100vw, 1280px\" title=\"\"><\/figure><\/a><div class=\"stk-block-posts__category stk-subtitle stk--is-gradient has-text-align-center-mobile\"><a class=\"stk-button\" href=\"https:\/\/ciclo-news.com\/br\/mountain-bike\/\" rel=\"category tag\"><span class=\"stk-button__inner-text\">Mountain Bike<\/span><\/a><\/div><\/article><\/div><\/div><div class=\"stk-block-posts__item\"><div class=\"stk-container stk-c3d5a6b-container stk-hover-parent\"><article><h3 class=\"stk-block-posts__title has-text-align-center-mobile\"><a href='https:\/\/ciclo-news.com\/br\/vale-a-pena-inverter-o-guidao-cornar-bar-testamos-na-pratica-pedaleiro-brasileiro\/'>Vale a Pena Inverter o Guid\u00e3o Cornar Bar? Testamos na Pr\u00e1tica! | Pedaleiro Brasileiro<\/a><\/h3><a href=\"https:\/\/ciclo-news.com\/br\/vale-a-pena-inverter-o-guidao-cornar-bar-testamos-na-pratica-pedaleiro-brasileiro\/\" class=\"stk-block-posts__image-link\"><figure class=\"stk-img-wrapper stk-image--shape-stretch\"><img loading=\"lazy\" decoding=\"async\" width=\"1280\" height=\"720\" src=\"https:\/\/ciclo-news.com\/br\/wp-content\/uploads\/sites\/4\/2025\/01\/Vale-a-Pena-Inverter-o-Guidao-Cornar-Bar-Testamos-na.jpg\" class=\"attachment-full size-full wp-post-image\" alt=\"\" srcset=\"https:\/\/ciclo-news.com\/br\/wp-content\/uploads\/sites\/4\/2025\/01\/Vale-a-Pena-Inverter-o-Guidao-Cornar-Bar-Testamos-na.jpg 1280w, https:\/\/ciclo-news.com\/br\/wp-content\/uploads\/sites\/4\/2025\/01\/Vale-a-Pena-Inverter-o-Guidao-Cornar-Bar-Testamos-na-300x169.jpg 300w, https:\/\/ciclo-news.com\/br\/wp-content\/uploads\/sites\/4\/2025\/01\/Vale-a-Pena-Inverter-o-Guidao-Cornar-Bar-Testamos-na-1024x576.jpg 1024w, https:\/\/ciclo-news.com\/br\/wp-content\/uploads\/sites\/4\/2025\/01\/Vale-a-Pena-Inverter-o-Guidao-Cornar-Bar-Testamos-na-768x432.jpg 768w\" sizes=\"auto, (max-width: 1280px) 100vw, 1280px\" title=\"\"><\/figure><\/a><div class=\"stk-block-posts__category stk-subtitle stk--is-gradient has-text-align-center-mobile\"><a class=\"stk-button\" href=\"https:\/\/ciclo-news.com\/br\/gravel\/bicicletas-gravel\/\" rel=\"category tag\"><span class=\"stk-button__inner-text\">Bicicletas Gravel<\/span><\/a>, <a class=\"stk-button\" href=\"https:\/\/ciclo-news.com\/br\/gravel\/\" rel=\"category tag\"><span class=\"stk-button__inner-text\">Gravel<\/span><\/a><\/div><\/article><\/div><\/div><div class=\"stk-block-posts__item\"><div class=\"stk-container stk-c3d5a6b-container stk-hover-parent\"><article><h3 class=\"stk-block-posts__title has-text-align-center-mobile\"><a href='https:\/\/ciclo-news.com\/br\/voce-sabe-qual-a-parte-mais-importante-da-bicicleta\/'>VOC\u00ca SABE QUAL A PARTE MAIS IMPORTANTE DA BICICLETA?<\/a><\/h3><a href=\"https:\/\/ciclo-news.com\/br\/voce-sabe-qual-a-parte-mais-importante-da-bicicleta\/\" class=\"stk-block-posts__image-link\"><figure class=\"stk-img-wrapper stk-image--shape-stretch\"><img loading=\"lazy\" decoding=\"async\" width=\"1280\" height=\"720\" src=\"https:\/\/ciclo-news.com\/br\/wp-content\/uploads\/sites\/4\/2024\/12\/VOCE-SABE-QUAL-A-PARTE-MAIS-IMPORTANTE-DA-BICICLETA.jpg\" class=\"attachment-full size-full wp-post-image\" alt=\"\" srcset=\"https:\/\/ciclo-news.com\/br\/wp-content\/uploads\/sites\/4\/2024\/12\/VOCE-SABE-QUAL-A-PARTE-MAIS-IMPORTANTE-DA-BICICLETA.jpg 1280w, https:\/\/ciclo-news.com\/br\/wp-content\/uploads\/sites\/4\/2024\/12\/VOCE-SABE-QUAL-A-PARTE-MAIS-IMPORTANTE-DA-BICICLETA-300x169.jpg 300w, https:\/\/ciclo-news.com\/br\/wp-content\/uploads\/sites\/4\/2024\/12\/VOCE-SABE-QUAL-A-PARTE-MAIS-IMPORTANTE-DA-BICICLETA-1024x576.jpg 1024w, https:\/\/ciclo-news.com\/br\/wp-content\/uploads\/sites\/4\/2024\/12\/VOCE-SABE-QUAL-A-PARTE-MAIS-IMPORTANTE-DA-BICICLETA-768x432.jpg 768w\" sizes=\"auto, (max-width: 1280px) 100vw, 1280px\" title=\"\"><\/figure><\/a><div class=\"stk-block-posts__category stk-subtitle stk--is-gradient has-text-align-center-mobile\"><a class=\"stk-button\" href=\"https:\/\/ciclo-news.com\/br\/mountain-bike\/\" rel=\"category tag\"><span class=\"stk-button__inner-text\">Mountain Bike<\/span><\/a><\/div><\/article><\/div><\/div><div class=\"stk-block-posts__item\"><div class=\"stk-container stk-c3d5a6b-container stk-hover-parent\"><article><h3 class=\"stk-block-posts__title has-text-align-center-mobile\"><a href='https:\/\/ciclo-news.com\/br\/de-gravel-numa-pista-de-xc\/'>DE GRAVEL NUMA PISTA DE XC???<\/a><\/h3><a href=\"https:\/\/ciclo-news.com\/br\/de-gravel-numa-pista-de-xc\/\" class=\"stk-block-posts__image-link\"><figure class=\"stk-img-wrapper stk-image--shape-stretch\"><img loading=\"lazy\" decoding=\"async\" width=\"1280\" height=\"720\" src=\"https:\/\/ciclo-news.com\/br\/wp-content\/uploads\/sites\/4\/2024\/12\/DE-GRAVEL-NUMA-PISTA-DE-XC.jpg\" class=\"attachment-full size-full wp-post-image\" alt=\"\" srcset=\"https:\/\/ciclo-news.com\/br\/wp-content\/uploads\/sites\/4\/2024\/12\/DE-GRAVEL-NUMA-PISTA-DE-XC.jpg 1280w, https:\/\/ciclo-news.com\/br\/wp-content\/uploads\/sites\/4\/2024\/12\/DE-GRAVEL-NUMA-PISTA-DE-XC-300x169.jpg 300w, https:\/\/ciclo-news.com\/br\/wp-content\/uploads\/sites\/4\/2024\/12\/DE-GRAVEL-NUMA-PISTA-DE-XC-1024x576.jpg 1024w, https:\/\/ciclo-news.com\/br\/wp-content\/uploads\/sites\/4\/2024\/12\/DE-GRAVEL-NUMA-PISTA-DE-XC-768x432.jpg 768w\" sizes=\"auto, (max-width: 1280px) 100vw, 1280px\" title=\"\"><\/figure><\/a><div class=\"stk-block-posts__category stk-subtitle stk--is-gradient has-text-align-center-mobile\"><a class=\"stk-button\" href=\"https:\/\/ciclo-news.com\/br\/gravel\/\" rel=\"category tag\"><span class=\"stk-button__inner-text\">Gravel<\/span><\/a><\/div><\/article><\/div><\/div><div class=\"stk-block-posts__item\"><div class=\"stk-container stk-c3d5a6b-container stk-hover-parent\"><article><h3 class=\"stk-block-posts__title has-text-align-center-mobile\"><a href='https:\/\/ciclo-news.com\/br\/recon-bikingman-brasil-serra-geral-jessica-ropcke\/'>RECON BIKINGMAN BRASIL SERRA GERAL | J\u00e9ssica R\u00f6pcke<\/a><\/h3><a href=\"https:\/\/ciclo-news.com\/br\/recon-bikingman-brasil-serra-geral-jessica-ropcke\/\" class=\"stk-block-posts__image-link\"><figure class=\"stk-img-wrapper stk-image--shape-stretch\"><img loading=\"lazy\" decoding=\"async\" width=\"1280\" height=\"720\" src=\"https:\/\/ciclo-news.com\/br\/wp-content\/uploads\/sites\/4\/2024\/12\/RECON-BIKINGMAN-BRASIL-SERRA-GERAL-Jessica-Ropcke.jpg\" class=\"attachment-full size-full wp-post-image\" alt=\"\" srcset=\"https:\/\/ciclo-news.com\/br\/wp-content\/uploads\/sites\/4\/2024\/12\/RECON-BIKINGMAN-BRASIL-SERRA-GERAL-Jessica-Ropcke.jpg 1280w, https:\/\/ciclo-news.com\/br\/wp-content\/uploads\/sites\/4\/2024\/12\/RECON-BIKINGMAN-BRASIL-SERRA-GERAL-Jessica-Ropcke-300x169.jpg 300w, https:\/\/ciclo-news.com\/br\/wp-content\/uploads\/sites\/4\/2024\/12\/RECON-BIKINGMAN-BRASIL-SERRA-GERAL-Jessica-Ropcke-1024x576.jpg 1024w, https:\/\/ciclo-news.com\/br\/wp-content\/uploads\/sites\/4\/2024\/12\/RECON-BIKINGMAN-BRASIL-SERRA-GERAL-Jessica-Ropcke-768x432.jpg 768w\" sizes=\"auto, (max-width: 1280px) 100vw, 1280px\" title=\"\"><\/figure><\/a><div class=\"stk-block-posts__category stk-subtitle stk--is-gradient has-text-align-center-mobile\"><a class=\"stk-button\" href=\"https:\/\/ciclo-news.com\/br\/gravel\/\" rel=\"category tag\"><span class=\"stk-button__inner-text\">Gravel<\/span><\/a><\/div><\/article><\/div><\/div><div class=\"stk-block-posts__item\"><div class=\"stk-container stk-c3d5a6b-container stk-hover-parent\"><article><h3 class=\"stk-block-posts__title has-text-align-center-mobile\"><a href='https:\/\/ciclo-news.com\/br\/senna-e-as-bikes-o-segredo-do-icone-da-formula-1-no-mundo-do-ciclismo-pedaleiro-brasileiro\/'>Senna e as Bikes: O Segredo do \u00cdcone da F\u00f3rmula 1 no Mundo do Ciclismo!&#8221; | Pedaleiro Brasileiro<\/a><\/h3><a href=\"https:\/\/ciclo-news.com\/br\/senna-e-as-bikes-o-segredo-do-icone-da-formula-1-no-mundo-do-ciclismo-pedaleiro-brasileiro\/\" class=\"stk-block-posts__image-link\"><figure class=\"stk-img-wrapper stk-image--shape-stretch\"><img loading=\"lazy\" decoding=\"async\" width=\"1280\" height=\"720\" src=\"https:\/\/ciclo-news.com\/br\/wp-content\/uploads\/sites\/4\/2024\/12\/Senna-e-as-Bikes-O-Segredo-do-Icone-da-Formula.jpg\" class=\"attachment-full size-full wp-post-image\" alt=\"\" srcset=\"https:\/\/ciclo-news.com\/br\/wp-content\/uploads\/sites\/4\/2024\/12\/Senna-e-as-Bikes-O-Segredo-do-Icone-da-Formula.jpg 1280w, https:\/\/ciclo-news.com\/br\/wp-content\/uploads\/sites\/4\/2024\/12\/Senna-e-as-Bikes-O-Segredo-do-Icone-da-Formula-300x169.jpg 300w, https:\/\/ciclo-news.com\/br\/wp-content\/uploads\/sites\/4\/2024\/12\/Senna-e-as-Bikes-O-Segredo-do-Icone-da-Formula-1024x576.jpg 1024w, https:\/\/ciclo-news.com\/br\/wp-content\/uploads\/sites\/4\/2024\/12\/Senna-e-as-Bikes-O-Segredo-do-Icone-da-Formula-768x432.jpg 768w\" sizes=\"auto, (max-width: 1280px) 100vw, 1280px\" title=\"\"><\/figure><\/a><div class=\"stk-block-posts__category stk-subtitle stk--is-gradient has-text-align-center-mobile\"><a class=\"stk-button\" href=\"https:\/\/ciclo-news.com\/br\/gravel\/bicicletas-gravel\/\" rel=\"category tag\"><span class=\"stk-button__inner-text\">Bicicletas Gravel<\/span><\/a>, <a class=\"stk-button\" href=\"https:\/\/ciclo-news.com\/br\/gravel\/\" rel=\"category tag\"><span class=\"stk-button__inner-text\">Gravel<\/span><\/a><\/div><\/article><\/div><\/div><\/div><div class=\"stk-inner-blocks\"><\/div><\/div><\/div>\n\n\n\n<hr class=\"wp-block-separator has-alpha-channel-opacity\"\/>\n\n\n\n<div class=\"wp-block-columns are-vertically-aligned-center is-layout-flex wp-container-core-columns-is-layout-7d874bf9 wp-block-columns-is-layout-flex\" style=\"margin-top:0;margin-bottom:0;padding-top:0;padding-bottom:0\">\n<div class=\"wp-block-column is-vertically-aligned-center is-layout-constrained wp-block-column-is-layout-constrained\">\n<h3 class=\"wp-block-heading has-text-align-center has-ast-global-color-2-color has-luminous-vivid-amber-background-color has-text-color has-background has-link-color has-medium-font-size wp-elements-b472f8c339d551b4d50488b520899ba3\"><strong><a href=\"https:\/\/ciclo-news.com\/carretera\/bicicletas-de-carretera\/\" target=\"_blank\" rel=\"noreferrer noopener\">Bicicletas de Carretera<\/a><\/strong><\/h3>\n\n\n<\/div>\n\n\n\n<div class=\"wp-block-column is-vertically-aligned-center is-layout-flow wp-block-column-is-layout-flow\">\n<h3 class=\"wp-block-heading has-text-align-center has-ast-global-color-2-color has-luminous-vivid-amber-background-color has-text-color has-background has-link-color has-medium-font-size wp-elements-b141d9cee80b719e0ac5e77ffc4a36e1\"><strong><a href=\"https:\/\/ciclo-news.com\/gravel\/bicicletas-gravel\/\" target=\"_blank\" data-type=\"link\" data-id=\"https:\/\/ciclo-news.com\/gravel\/bicicletas-gravel\/\" rel=\"noreferrer noopener\">Bicicletas Gravel<\/a><\/strong><\/h3>\n\n\n<\/div>\n<\/div>\n\n\n\n<hr class=\"wp-block-separator has-alpha-channel-opacity\"\/>\n\n\n\n\n\n<h3 class=\"wp-block-heading has-text-align-center\">Ciclo News<\/h3>\n","protected":false},"excerpt":{"rendered":"<p>Ciclonews NOSSO \u00daLTIMO PEDAL DO ANO | Temos uma Mensagem para Voc\u00ea! Mountain Bike Vale a Pena Inverter o Guid\u00e3o Cornar Bar? Testamos na Pr\u00e1tica! | Pedaleiro Brasileiro Bicicletas Gravel, Gravel VOC\u00ca SABE QUAL A PARTE MAIS IMPORTANTE DA BICICLETA? Mountain Bike DE GRAVEL NUMA PISTA DE XC??? Gravel RECON BIKINGMAN BRASIL SERRA GERAL | [&hellip;]<\/p>\n","protected":false},"author":2,"featured_media":0,"parent":0,"menu_order":0,"comment_status":"closed","ping_status":"closed","template":"","meta":{"rop_custom_images_group":[],"rop_custom_messages_group":[],"rop_publish_now":"initial","rop_publish_now_accounts":{"twitter_2962033655_2962033655":""},"rop_publish_now_history":[],"rop_publish_now_status":"pending","_trash_the_other_posts":false,"editor_notices":[],"footnotes":""},"class_list":["post-120","page","type-page","status-publish","hentry"],"blocksy_meta":[],"_links":{"self":[{"href":"https:\/\/ciclo-news.com\/br\/wp-json\/wp\/v2\/pages\/120","targetHints":{"allow":["GET"]}}],"collection":[{"href":"https:\/\/ciclo-news.com\/br\/wp-json\/wp\/v2\/pages"}],"about":[{"href":"https:\/\/ciclo-news.com\/br\/wp-json\/wp\/v2\/types\/page"}],"author":[{"embeddable":true,"href":"https:\/\/ciclo-news.com\/br\/wp-json\/wp\/v2\/users\/2"}],"replies":[{"embeddable":true,"href":"https:\/\/ciclo-news.com\/br\/wp-json\/wp\/v2\/comments?post=120"}],"version-history":[{"count":86,"href":"https:\/\/ciclo-news.com\/br\/wp-json\/wp\/v2\/pages\/120\/revisions"}],"predecessor-version":[{"id":19511,"href":"https:\/\/ciclo-news.com\/br\/wp-json\/wp\/v2\/pages\/120\/revisions\/19511"}],"wp:attachment":[{"href":"https:\/\/ciclo-news.com\/br\/wp-json\/wp\/v2\/media?parent=120"}],"curies":[{"name":"wp","href":"https:\/\/api.w.org\/{rel}","templated":true}]}}